{"version":"1.0","provider_name":"Leger","provider_url":"https:\/\/leger360.com\/fr\/","author_name":"Jason Anthony","author_url":"https:\/\/leger360.com\/fr\/author\/jasonjasonanthonygroup-com\/","title":"Barom\u00e8tre des personnalit\u00e9s politiques et r\u00e9solutions pour 2023\u00a0","type":"rich","width":600,"height":338,"html":"<blockquote class=\"wp-embedded-content\" data-secret=\"2EQp2xhkJ0\"><a href=\"https:\/\/leger360.com\/fr\/barometre-des-personnalites-politiques-et-resolutions-pour-2023\/\">Barom\u00e8tre des personnalit\u00e9s politiques et r\u00e9solutions pour 2023\u00a0<\/a><\/blockquote><iframe sandbox=\"allow-scripts\" security=\"restricted\" src=\"https:\/\/leger360.com\/fr\/barometre-des-personnalites-politiques-et-resolutions-pour-2023\/embed\/#?secret=2EQp2xhkJ0\" width=\"600\" height=\"338\" title=\"&laquo; Barom\u00e8tre des personnalit\u00e9s politiques et r\u00e9solutions pour 2023\u00a0 &raquo; &#8212; Leger\" data-secret=\"2EQp2xhkJ0\" frameborder=\"0\" marginwidth=\"0\" marginheight=\"0\" scrolling=\"no\" class=\"wp-embedded-content\"><\/iframe><script type=\"text\/javascript\">\n\/* <![CDATA[ *\/\n\/*! This file is auto-generated *\/\n!function(d,l){\"use strict\";l.querySelector&&d.addEventListener&&\"undefined\"!=typeof URL&&(d.wp=d.wp||{},d.wp.receiveEmbedMessage||(d.wp.receiveEmbedMessage=function(e){var t=e.data;if((t||t.secret||t.message||t.value)&&!\/[^a-zA-Z0-9]\/.test(t.secret)){for(var s,r,n,a=l.querySelectorAll('iframe[data-secret=\"'+t.secret+'\"]'),o=l.querySelectorAll('blockquote[data-secret=\"'+t.secret+'\"]'),c=new RegExp(\"^https?:$\",\"i\"),i=0;i<o.length;i++)o[i].style.display=\"none\";for(i=0;i<a.length;i++)s=a[i],e.source===s.contentWindow&&(s.removeAttribute(\"style\"),\"height\"===t.message?(1e3<(r=parseInt(t.value,10))?r=1e3:~~r<200&&(r=200),s.height=r):\"link\"===t.message&&(r=new URL(s.getAttribute(\"src\")),n=new URL(t.value),c.test(n.protocol))&&n.host===r.host&&l.activeElement===s&&(d.top.location.href=t.value))}},d.addEventListener(\"message\",d.wp.receiveEmbedMessage,!1),l.addEventListener(\"DOMContentLoaded\",function(){for(var e,t,s=l.querySelectorAll(\"iframe.wp-embedded-content\"),r=0;r<s.length;r++)(t=(e=s[r]).getAttribute(\"data-secret\"))||(t=Math.random().toString(36).substring(2,12),e.src+=\"#?secret=\"+t,e.setAttribute(\"data-secret\",t)),e.contentWindow.postMessage({message:\"ready\",secret:t},\"*\")},!1)))}(window,document);\n\/\/# sourceURL=https:\/\/leger360.com\/wp-includes\/js\/wp-embed.min.js\n\/* ]]> *\/\n<\/script>\n","thumbnail_url":"https:\/\/leger360.com\/wp-content\/uploads\/2024\/02\/20221220-Feature-Personnalites.jpg","thumbnail_width":1564,"thumbnail_height":450,"description":"Le Journal de Montr\u00e9al\/Le Journal de Qu\u00e9bec\/TVA Nouvelles\/QUB radio ont mandat\u00e9 L\u00e9ger afin d\u2019effectuer un sondage sur l\u2019opinion qu\u2019on les Qu\u00e9b\u00e9cois(es) des personnalit\u00e9s politiques (barom\u00e8tre des personnalit\u00e9s)\u00a0ainsi que sur les r\u00e9solutions les plus populaires pour 2023.\u00a0\u00a0 LES FAITS SAILLANTS DE NOTRE SONDAGE PORTANT SUR LE BAROM\u00c8TRE DES PERSONNALIT\u00c9S ET LES R\u00c9SOLUTIONS 2023&#8230; Barom\u00e8tre des personnalit\u00e9s [&hellip;]"}