{"version":"1.0","provider_name":"Leger","provider_url":"https:\/\/leger360.com\/fr\/","author_name":"Jason Anthony","author_url":"https:\/\/leger360.com\/fr\/author\/jasonjasonanthonygroup-com\/","title":"La politique f\u00e9d\u00e9rale : 24 mai 2017","type":"rich","width":600,"height":338,"html":"<blockquote class=\"wp-embedded-content\" data-secret=\"XrkqPXbSZr\"><a href=\"https:\/\/leger360.com\/fr\/la-politique-federale-24-mai-2017\/\">La politique f\u00e9d\u00e9rale : 24 mai 2017<\/a><\/blockquote><iframe sandbox=\"allow-scripts\" security=\"restricted\" src=\"https:\/\/leger360.com\/fr\/la-politique-federale-24-mai-2017\/embed\/#?secret=XrkqPXbSZr\" width=\"600\" height=\"338\" title=\"&laquo; La politique f\u00e9d\u00e9rale : 24 mai 2017 &raquo; &#8212; Leger\" data-secret=\"XrkqPXbSZr\" frameborder=\"0\" marginwidth=\"0\" marginheight=\"0\" scrolling=\"no\" class=\"wp-embedded-content\"><\/iframe><script type=\"text\/javascript\">\n\/* <![CDATA[ *\/\n\/*! This file is auto-generated *\/\n!function(d,l){\"use strict\";l.querySelector&&d.addEventListener&&\"undefined\"!=typeof URL&&(d.wp=d.wp||{},d.wp.receiveEmbedMessage||(d.wp.receiveEmbedMessage=function(e){var t=e.data;if((t||t.secret||t.message||t.value)&&!\/[^a-zA-Z0-9]\/.test(t.secret)){for(var s,r,n,a=l.querySelectorAll('iframe[data-secret=\"'+t.secret+'\"]'),o=l.querySelectorAll('blockquote[data-secret=\"'+t.secret+'\"]'),c=new RegExp(\"^https?:$\",\"i\"),i=0;i<o.length;i++)o[i].style.display=\"none\";for(i=0;i<a.length;i++)s=a[i],e.source===s.contentWindow&&(s.removeAttribute(\"style\"),\"height\"===t.message?(1e3<(r=parseInt(t.value,10))?r=1e3:~~r<200&&(r=200),s.height=r):\"link\"===t.message&&(r=new URL(s.getAttribute(\"src\")),n=new URL(t.value),c.test(n.protocol))&&n.host===r.host&&l.activeElement===s&&(d.top.location.href=t.value))}},d.addEventListener(\"message\",d.wp.receiveEmbedMessage,!1),l.addEventListener(\"DOMContentLoaded\",function(){for(var e,t,s=l.querySelectorAll(\"iframe.wp-embedded-content\"),r=0;r<s.length;r++)(t=(e=s[r]).getAttribute(\"data-secret\"))||(t=Math.random().toString(36).substring(2,12),e.src+=\"#?secret=\"+t,e.setAttribute(\"data-secret\",t)),e.contentWindow.postMessage({message:\"ready\",secret:t},\"*\")},!1)))}(window,document);\n\/\/# sourceURL=https:\/\/leger360.com\/wp-includes\/js\/wp-embed.min.js\n\/* ]]> *\/\n<\/script>\n","thumbnail_url":"https:\/\/leger360.com\/wp-content\/uploads\/2024\/02\/shutterstock_336271163.jpg","thumbnail_width":1000,"thumbnail_height":926,"description":"La pr\u00e9sente \u00e9tude a \u00e9t\u00e9 r\u00e9alis\u00e9e par le biais d\u2019un sondage Internet aupr\u00e8s de 1529 Canadiens ayant le droit de vote entre le 15 mai et le 18 mai 2017 dans toutes les provinces du Canada."}