{"version":"1.0","provider_name":"Leger","provider_url":"https:\/\/leger360.com\/fr\/","author_name":"Jason Anthony","author_url":"https:\/\/leger360.com\/fr\/author\/jasonjasonanthonygroup-com\/","title":"L\u00e9ger lance de nouvelles initiatives en mati\u00e8re de diversit\u00e9, d'\u00e9quit\u00e9 et d'inclusion","type":"rich","width":600,"height":338,"html":"<blockquote class=\"wp-embedded-content\" data-secret=\"vP7r8soUHr\"><a href=\"https:\/\/leger360.com\/fr\/leger-nouvelles-initiatives-diversite-equite-et-inclusion\/\">L\u00e9ger lance de nouvelles initiatives en mati\u00e8re de diversit\u00e9, d&rsquo;\u00e9quit\u00e9 et d&rsquo;inclusion<\/a><\/blockquote><iframe sandbox=\"allow-scripts\" security=\"restricted\" src=\"https:\/\/leger360.com\/fr\/leger-nouvelles-initiatives-diversite-equite-et-inclusion\/embed\/#?secret=vP7r8soUHr\" width=\"600\" height=\"338\" title=\"&laquo; L\u00e9ger lance de nouvelles initiatives en mati\u00e8re de diversit\u00e9, d&rsquo;\u00e9quit\u00e9 et d&rsquo;inclusion &raquo; &#8212; Leger\" data-secret=\"vP7r8soUHr\" frameborder=\"0\" marginwidth=\"0\" marginheight=\"0\" scrolling=\"no\" class=\"wp-embedded-content\"><\/iframe><script type=\"text\/javascript\">\n\/* <![CDATA[ *\/\n\/*! This file is auto-generated *\/\n!function(d,l){\"use strict\";l.querySelector&&d.addEventListener&&\"undefined\"!=typeof URL&&(d.wp=d.wp||{},d.wp.receiveEmbedMessage||(d.wp.receiveEmbedMessage=function(e){var t=e.data;if((t||t.secret||t.message||t.value)&&!\/[^a-zA-Z0-9]\/.test(t.secret)){for(var s,r,n,a=l.querySelectorAll('iframe[data-secret=\"'+t.secret+'\"]'),o=l.querySelectorAll('blockquote[data-secret=\"'+t.secret+'\"]'),c=new RegExp(\"^https?:$\",\"i\"),i=0;i<o.length;i++)o[i].style.display=\"none\";for(i=0;i<a.length;i++)s=a[i],e.source===s.contentWindow&&(s.removeAttribute(\"style\"),\"height\"===t.message?(1e3<(r=parseInt(t.value,10))?r=1e3:~~r<200&&(r=200),s.height=r):\"link\"===t.message&&(r=new URL(s.getAttribute(\"src\")),n=new URL(t.value),c.test(n.protocol))&&n.host===r.host&&l.activeElement===s&&(d.top.location.href=t.value))}},d.addEventListener(\"message\",d.wp.receiveEmbedMessage,!1),l.addEventListener(\"DOMContentLoaded\",function(){for(var e,t,s=l.querySelectorAll(\"iframe.wp-embedded-content\"),r=0;r<s.length;r++)(t=(e=s[r]).getAttribute(\"data-secret\"))||(t=Math.random().toString(36).substring(2,12),e.src+=\"#?secret=\"+t,e.setAttribute(\"data-secret\",t)),e.contentWindow.postMessage({message:\"ready\",secret:t},\"*\")},!1)))}(window,document);\n\/\/# sourceURL=https:\/\/leger360.com\/wp-includes\/js\/wp-embed.min.js\n\/* ]]> *\/\n<\/script>\n","thumbnail_url":"https:\/\/leger360.com\/wp-content\/uploads\/2024\/02\/shutterstock_343048862.jpg","thumbnail_width":1000,"thumbnail_height":667,"description":"Chez L\u00e9ger, nous nous effor\u00e7ons de promouvoir la diversit\u00e9, l&rsquo;\u00e9quit\u00e9 et l&rsquo;inclusion (DEI).\u00a0 Collectivement, nous savons qu&rsquo;une v\u00e9ritable inclusion est importante pour l&rsquo;innovation et la prosp\u00e9rit\u00e9 de nos employ\u00e9.e.s, des participant.e.s \u00e0 nos sondages et de nos client.e.s. En travaillant ensemble pour garantir une culture d\u2019entreprise o\u00f9 chacun.e est respect\u00e9.e, nous embrassons notre diversit\u00e9, nous [&hellip;]"}