{"version":"1.0","provider_name":"Leger","provider_url":"https:\/\/leger360.com\/fr\/","author_name":"Jason Anthony","author_url":"https:\/\/leger360.com\/fr\/author\/jasonjasonanthonygroup-com\/","title":"[PHASE 2] L\u2019\u00c9tude Bleue : acheter local au Qu\u00e9bec","type":"rich","width":600,"height":338,"html":"<blockquote class=\"wp-embedded-content\" data-secret=\"c8uOiWfvit\"><a href=\"https:\/\/leger360.com\/fr\/phase-2-letude-bleue-acheter-local-au-quebec\/\">[PHASE 2] L\u2019\u00c9tude Bleue : acheter local au Qu\u00e9bec<\/a><\/blockquote><iframe sandbox=\"allow-scripts\" security=\"restricted\" src=\"https:\/\/leger360.com\/fr\/phase-2-letude-bleue-acheter-local-au-quebec\/embed\/#?secret=c8uOiWfvit\" width=\"600\" height=\"338\" title=\"&laquo; [PHASE 2] L\u2019\u00c9tude Bleue : acheter local au Qu\u00e9bec &raquo; &#8212; Leger\" data-secret=\"c8uOiWfvit\" frameborder=\"0\" marginwidth=\"0\" marginheight=\"0\" scrolling=\"no\" class=\"wp-embedded-content\"><\/iframe><script type=\"text\/javascript\">\n\/* <![CDATA[ *\/\n\/*! This file is auto-generated *\/\n!function(d,l){\"use strict\";l.querySelector&&d.addEventListener&&\"undefined\"!=typeof URL&&(d.wp=d.wp||{},d.wp.receiveEmbedMessage||(d.wp.receiveEmbedMessage=function(e){var t=e.data;if((t||t.secret||t.message||t.value)&&!\/[^a-zA-Z0-9]\/.test(t.secret)){for(var s,r,n,a=l.querySelectorAll('iframe[data-secret=\"'+t.secret+'\"]'),o=l.querySelectorAll('blockquote[data-secret=\"'+t.secret+'\"]'),c=new RegExp(\"^https?:$\",\"i\"),i=0;i<o.length;i++)o[i].style.display=\"none\";for(i=0;i<a.length;i++)s=a[i],e.source===s.contentWindow&&(s.removeAttribute(\"style\"),\"height\"===t.message?(1e3<(r=parseInt(t.value,10))?r=1e3:~~r<200&&(r=200),s.height=r):\"link\"===t.message&&(r=new URL(s.getAttribute(\"src\")),n=new URL(t.value),c.test(n.protocol))&&n.host===r.host&&l.activeElement===s&&(d.top.location.href=t.value))}},d.addEventListener(\"message\",d.wp.receiveEmbedMessage,!1),l.addEventListener(\"DOMContentLoaded\",function(){for(var e,t,s=l.querySelectorAll(\"iframe.wp-embedded-content\"),r=0;r<s.length;r++)(t=(e=s[r]).getAttribute(\"data-secret\"))||(t=Math.random().toString(36).substring(2,12),e.src+=\"#?secret=\"+t,e.setAttribute(\"data-secret\",t)),e.contentWindow.postMessage({message:\"ready\",secret:t},\"*\")},!1)))}(window,document);\n\/\/# sourceURL=https:\/\/leger360.com\/wp-includes\/js\/wp-embed.min.js\n\/* ]]> *\/\n<\/script>\n","thumbnail_url":"https:\/\/leger360.com\/wp-content\/uploads\/2024\/02\/shutterstock_160761494.jpg","thumbnail_width":1000,"thumbnail_height":686,"description":"PORTRAIT DE LA CONSOMMATION LOCALE AU QU\u00c9BEC POST-COVID-19 L\u00e9ger pr\u00e9sente la deuxi\u00e8me phase de son \u00e9tude compl\u00e8te sur l\u2019achat local au Qu\u00e9bec.\u00a0\u00a0 Alors que la premi\u00e8re mesure de cette \u00e9tude portait notamment sur l\u2019importance accord\u00e9e \u00e0 l\u2019achat de diff\u00e9rents types de produits locaux au Qu\u00e9bec en temps de crise, la seconde phase de l\u2019\u00c9tude Bleue [&hellip;]"}