{"version":"1.0","provider_name":"Leger","provider_url":"https:\/\/leger360.com\/fr\/","author_name":"Jason Anthony","author_url":"https:\/\/leger360.com\/fr\/author\/jasonjasonanthonygroup-com\/","title":"Satisfaction du syst\u00e8me de sant\u00e9 - 13 juillet 2021","type":"rich","width":600,"height":338,"html":"<blockquote class=\"wp-embedded-content\" data-secret=\"ow5Mz1Z006\"><a href=\"https:\/\/leger360.com\/fr\/tracker-nord-americain-de-leger-13-juillet-2021\/\">Satisfaction du syst\u00e8me de sant\u00e9 &#8211; 13 juillet 2021<\/a><\/blockquote><iframe sandbox=\"allow-scripts\" security=\"restricted\" src=\"https:\/\/leger360.com\/fr\/tracker-nord-americain-de-leger-13-juillet-2021\/embed\/#?secret=ow5Mz1Z006\" width=\"600\" height=\"338\" title=\"&laquo; Satisfaction du syst\u00e8me de sant\u00e9 &#8211; 13 juillet 2021 &raquo; &#8212; Leger\" data-secret=\"ow5Mz1Z006\" frameborder=\"0\" marginwidth=\"0\" marginheight=\"0\" scrolling=\"no\" class=\"wp-embedded-content\"><\/iframe><script type=\"text\/javascript\">\n\/* <![CDATA[ *\/\n\/*! This file is auto-generated *\/\n!function(d,l){\"use strict\";l.querySelector&&d.addEventListener&&\"undefined\"!=typeof URL&&(d.wp=d.wp||{},d.wp.receiveEmbedMessage||(d.wp.receiveEmbedMessage=function(e){var t=e.data;if((t||t.secret||t.message||t.value)&&!\/[^a-zA-Z0-9]\/.test(t.secret)){for(var s,r,n,a=l.querySelectorAll('iframe[data-secret=\"'+t.secret+'\"]'),o=l.querySelectorAll('blockquote[data-secret=\"'+t.secret+'\"]'),c=new RegExp(\"^https?:$\",\"i\"),i=0;i<o.length;i++)o[i].style.display=\"none\";for(i=0;i<a.length;i++)s=a[i],e.source===s.contentWindow&&(s.removeAttribute(\"style\"),\"height\"===t.message?(1e3<(r=parseInt(t.value,10))?r=1e3:~~r<200&&(r=200),s.height=r):\"link\"===t.message&&(r=new URL(s.getAttribute(\"src\")),n=new URL(t.value),c.test(n.protocol))&&n.host===r.host&&l.activeElement===s&&(d.top.location.href=t.value))}},d.addEventListener(\"message\",d.wp.receiveEmbedMessage,!1),l.addEventListener(\"DOMContentLoaded\",function(){for(var e,t,s=l.querySelectorAll(\"iframe.wp-embedded-content\"),r=0;r<s.length;r++)(t=(e=s[r]).getAttribute(\"data-secret\"))||(t=Math.random().toString(36).substring(2,12),e.src+=\"#?secret=\"+t,e.setAttribute(\"data-secret\",t)),e.contentWindow.postMessage({message:\"ready\",secret:t},\"*\")},!1)))}(window,document);\n\/\/# sourceURL=https:\/\/leger360.com\/wp-includes\/js\/wp-embed.min.js\n\/* ]]> *\/\n<\/script>\n","thumbnail_url":"https:\/\/leger360.com\/wp-content\/uploads\/2024\/02\/En-tete-FR_blog-tracker_2021-07-12-1.jpg","thumbnail_width":1200,"thumbnail_height":750,"description":"Ce sondage explore les perspectives des Canadiens et des Am\u00e9ricains sur leur syst\u00e8me de sant\u00e9.\u00a0 Nous avons sond\u00e9 le niveau de\u00a0satisfaction des Canadiens et des Am\u00e9ricains au sujet de leur syst\u00e8me de sant\u00e9 provincial\/dans leur \u00c9tat, leur satisfaction aupr\u00e8s de certains \u00e9l\u00e9ments de leur syst\u00e8me de sant\u00e9, et s\u2019ils se sont rendus \u00e0 l\u2019urgence dans [&hellip;]"}