{"id":25041,"date":"2025-07-30T11:30:53","date_gmt":"2025-07-30T15:30:53","guid":{"rendered":"https:\/\/leger360.com\/?page_id=25041"},"modified":"2025-07-30T11:33:15","modified_gmt":"2025-07-30T15:33:15","slug":"kyle-mcgee","status":"publish","type":"page","link":"https:\/\/leger360.com\/fr\/kyle-mcgee\/","title":{"rendered":"Kyle McGee"},"content":{"rendered":"<p>[et_pb_section fb_built=\u00a0\u00bb1&Prime; custom_padding_last_edited=\u00a0\u00bbon|phone\u00a0\u00bb admin_label=\u00a0\u00bbTeam\u00a0\u00bb _builder_version=\u00a0\u00bb4.23.1&Prime; use_background_color_gradient=\u00a0\u00bbon\u00a0\u00bb background_color_gradient_stops=\u00a0\u00bbrgba(255,255,255,0.75) 45%|#ffffff 100%\u00a0\u00bb background_color_gradient_overlays_image=\u00a0\u00bbon\u00a0\u00bb background_image=\u00a0\u00bbhttps:\/\/leger360.com\/wp-content\/uploads\/2023\/10\/gradient_gris_02.png\u00a0\u00bb custom_margin=\u00a0\u00bb|||\u00a0\u00bb custom_padding=\u00a0\u00bb54px|0px|50px|0px||\u00a0\u00bb custom_padding_tablet=\u00a0\u00bb54px|0px|100px|0px||\u00a0\u00bb custom_padding_phone=\u00a0\u00bb54px|0px|50px|0px|false|false\u00a0\u00bb global_colors_info=\u00a0\u00bb{}\u00a0\u00bb theme_builder_area=\u00a0\u00bbpost_content\u00a0\u00bb][et_pb_row column_structure=\u00a0\u00bb2_5,3_5&Prime; custom_padding_last_edited=\u00a0\u00bbon|tablet\u00a0\u00bb _builder_version=\u00a0\u00bb4.23.1&Prime; _module_preset=\u00a0\u00bbdefault\u00a0\u00bb background_color=\u00a0\u00bb#FFFFFF\u00a0\u00bb width_tablet=\u00a0\u00bb\u00a0\u00bb width_phone=\u00a0\u00bb90%\u00a0\u00bb width_last_edited=\u00a0\u00bbon|phone\u00a0\u00bb custom_padding=\u00a0\u00bb54px|54px|54px|54px|true|true\u00a0\u00bb custom_padding_tablet=\u00a0\u00bb54px|54px|54px|54px|true|true\u00a0\u00bb custom_padding_phone=\u00a0\u00bb0px|35px|25px|35px|false|true\u00a0\u00bb border_radii=\u00a0\u00bbon|15px|15px|15px|15px\u00a0\u00bb box_shadow_style=\u00a0\u00bbpreset3&Prime; locked=\u00a0\u00bboff\u00a0\u00bb global_colors_info=\u00a0\u00bb{}\u00a0\u00bb theme_builder_area=\u00a0\u00bbpost_content\u00a0\u00bb][et_pb_column type=\u00a0\u00bb2_5&Prime; _builder_version=\u00a0\u00bb4.22.2&Prime; _module_preset=\u00a0\u00bbdefault\u00a0\u00bb global_colors_info=\u00a0\u00bb{}\u00a0\u00bb theme_builder_area=\u00a0\u00bbpost_content\u00a0\u00bb][et_pb_image src=\u00a0\u00bbhttps:\/\/leger360.com\/wp-content\/uploads\/2025\/07\/Kyle.png\u00a0\u00bb title_text=\u00a0\u00bbKyle\u00a0\u00bb _builder_version=\u00a0\u00bb4.27.4&Prime; _module_preset=\u00a0\u00bbdefault\u00a0\u00bb width=\u00a0\u00bb100%\u00a0\u00bb hover_enabled=\u00a0\u00bb0&Prime; global_colors_info=\u00a0\u00bb{}\u00a0\u00bb theme_builder_area=\u00a0\u00bbpost_content\u00a0\u00bb sticky_enabled=\u00a0\u00bb0&Prime;][\/et_pb_image][et_pb_text _builder_version=\u00a0\u00bb4.27.4&Prime; _module_preset=\u00a0\u00bbdefault\u00a0\u00bb text_font=\u00a0\u00bbAptos||||||||\u00a0\u00bb text_text_color=\u00a0\u00bb#2E2E30&Prime; text_font_size=\u00a0\u00bb40px\u00a0\u00bb text_line_height=\u00a0\u00bb1em\u00a0\u00bb header_font_size=\u00a0\u00bb50px\u00a0\u00bb width=\u00a0\u00bb100%\u00a0\u00bb width_tablet=\u00a0\u00bb100%\u00a0\u00bb width_phone=\u00a0\u00bb100%\u00a0\u00bb width_last_edited=\u00a0\u00bbon|phone\u00a0\u00bb custom_margin=\u00a0\u00bb0px||15px||false|false\u00a0\u00bb custom_margin_tablet=\u00a0\u00bb0px||20px||false|false\u00a0\u00bb custom_margin_phone=\u00a0\u00bb0px||20px||false|false\u00a0\u00bb custom_margin_last_edited=\u00a0\u00bbon|desktop\u00a0\u00bb text_font_size_tablet=\u00a0\u00bb40px\u00a0\u00bb text_font_size_phone=\u00a0\u00bb30px\u00a0\u00bb text_font_size_last_edited=\u00a0\u00bbon|phone\u00a0\u00bb header_font_size_tablet=\u00a0\u00bb40px\u00a0\u00bb header_font_size_phone=\u00a0\u00bb40px\u00a0\u00bb header_font_size_last_edited=\u00a0\u00bbon|tablet\u00a0\u00bb global_colors_info=\u00a0\u00bb{}\u00a0\u00bb theme_builder_area=\u00a0\u00bbpost_content\u00a0\u00bb]<\/p>\n<p>Kyle McGee<\/p>\n<p>[\/et_pb_text][et_pb_text _builder_version=\u00a0\u00bb4.27.4&Prime; _module_preset=\u00a0\u00bb28cfcf78-1bee-4815-a9d5-6caa8f7a4b47&Prime; text_font=\u00a0\u00bbAptos||||||||\u00a0\u00bb text_text_color=\u00a0\u00bb#000000&Prime; text_line_height=\u00a0\u00bb1.5em\u00a0\u00bb width=\u00a0\u00bb100%\u00a0\u00bb width_tablet=\u00a0\u00bb100%\u00a0\u00bb width_phone=\u00a0\u00bb100%\u00a0\u00bb width_last_edited=\u00a0\u00bbon|desktop\u00a0\u00bb custom_margin=\u00a0\u00bb0px||15px||false|false\u00a0\u00bb custom_padding=\u00a0\u00bb0px||||false|false\u00a0\u00bb hover_enabled=\u00a0\u00bb0&Prime; locked=\u00a0\u00bboff\u00a0\u00bb global_colors_info=\u00a0\u00bb{}\u00a0\u00bb theme_builder_area=\u00a0\u00bbpost_content\u00a0\u00bb sticky_enabled=\u00a0\u00bb0&Prime;]<\/p>\n<p>Vice-pr\u00e9sident, analytique et statistiques<\/p>\n<p>[\/et_pb_text][et_pb_social_media_follow _builder_version=\u00a0\u00bb4.27.4&Prime; _module_preset=\u00a0\u00bbdefault\u00a0\u00bb custom_margin=\u00a0\u00bb||||false|false\u00a0\u00bb custom_padding=\u00a0\u00bb0px||||false|false\u00a0\u00bb hover_enabled=\u00a0\u00bb0&Prime; global_colors_info=\u00a0\u00bb{}\u00a0\u00bb theme_builder_area=\u00a0\u00bbpost_content\u00a0\u00bb sticky_enabled=\u00a0\u00bb0&Prime;][et_pb_social_media_follow_network social_network=\u00a0\u00bblinkedin\u00a0\u00bb url=\u00a0\u00bbhttps:\/\/www.linkedin.com\/in\/kyle-mcgee-54502484\/\u00a0\u00bb _builder_version=\u00a0\u00bb4.27.4&Prime; _module_preset=\u00a0\u00bbdefault\u00a0\u00bb background_color=\u00a0\u00bb#2E2E30&Prime; background_enable_color=\u00a0\u00bbon\u00a0\u00bb hover_enabled=\u00a0\u00bb0&Prime; global_colors_info=\u00a0\u00bb{}\u00a0\u00bb background__hover_enabled=\u00a0\u00bbon|desktop\u00a0\u00bb background_color__hover=\u00a0\u00bb#ED1C24&Prime; background_enable_color__hover=\u00a0\u00bbon\u00a0\u00bb theme_builder_area=\u00a0\u00bbpost_content\u00a0\u00bb follow_button=\u00a0\u00bboff\u00a0\u00bb url_new_window=\u00a0\u00bbon\u00a0\u00bb sticky_enabled=\u00a0\u00bb0&Prime;]linkedin[\/et_pb_social_media_follow_network][\/et_pb_social_media_follow][\/et_pb_column][et_pb_column type=\u00a0\u00bb3_5&Prime; _builder_version=\u00a0\u00bb4.22.2&Prime; _module_preset=\u00a0\u00bbdefault\u00a0\u00bb global_colors_info=\u00a0\u00bb{}\u00a0\u00bb theme_builder_area=\u00a0\u00bbpost_content\u00a0\u00bb][et_pb_text _builder_version=\u00a0\u00bb4.27.4&Prime; _module_preset=\u00a0\u00bb28cfcf78-1bee-4815-a9d5-6caa8f7a4b47&Prime; text_font=\u00a0\u00bbAptos||||||||\u00a0\u00bb text_text_color=\u00a0\u00bb#000000&Prime; text_line_height=\u00a0\u00bb1.5em\u00a0\u00bb width=\u00a0\u00bb100%\u00a0\u00bb width_tablet=\u00a0\u00bb100%\u00a0\u00bb width_phone=\u00a0\u00bb100%\u00a0\u00bb width_last_edited=\u00a0\u00bbon|desktop\u00a0\u00bb custom_margin=\u00a0\u00bb0px||25px||false|false\u00a0\u00bb custom_padding=\u00a0\u00bb15%||||false|false\u00a0\u00bb custom_padding_tablet=\u00a0\u00bb0px||||false|false\u00a0\u00bb custom_padding_phone=\u00a0\u00bb0px||||false|false\u00a0\u00bb custom_padding_last_edited=\u00a0\u00bbon|phone\u00a0\u00bb locked=\u00a0\u00bboff\u00a0\u00bb global_colors_info=\u00a0\u00bb{}\u00a0\u00bb theme_builder_area=\u00a0\u00bbpost_content\u00a0\u00bb]<\/p>\n<p><span data-contrast=\"auto\">Kyle a d\u00e9but\u00e9 sa carri\u00e8re chez Leger en 2008 comme intervieweur au centre d\u2019appels. Il est aujourd\u2019hui vice-pr\u00e9sident, analytique et statistiques, et dirige une \u00e9quipe en pleine croissance compos\u00e9e de professionnel\u00b7le\u00b7s d\u00e9vou\u00e9\u00b7e\u00b7s \u00e0 la production de livrables de grande qualit\u00e9, \u00e0 forte valeur ajout\u00e9e.<\/span><span data-ccp-props=\"{}\">\u00a0<\/span><\/p>\n<p><span data-contrast=\"auto\">Depuis qu\u2019il a acc\u00e9d\u00e9 \u00e0 un poste de direction en 2018, Kyle a jou\u00e9 un r\u00f4le cl\u00e9 dans l\u2019expansion de l\u2019\u00e9quipe, la restructuration des op\u00e9rations et l\u2019instauration d\u2019une culture ax\u00e9e sur la collaboration, la pens\u00e9e strat\u00e9gique et la rigueur m\u00e9thodologique.<\/span><span data-ccp-props=\"{}\">\u00a0<\/span><\/p>\n<p><span data-contrast=\"auto\">\u00c0 travers des p\u00e9riodes de forte croissance et de transition, il d\u00e9fend l\u2019int\u00e9grit\u00e9 des donn\u00e9es, dirige la mise en \u0153uvre de m\u00e9thodologies novatrices et assure la continuit\u00e9 op\u00e9rationnelle.<\/span><span data-ccp-props=\"{}\">\u00a0<\/span><\/p>\n<p><span data-contrast=\"auto\">Kyle dirige l\u2019\u00e9quipe Analytique, avec la volont\u00e9 d\u2019offrir une perspective plus exploratoire et consultative aux mandats de recherche, enrichissant ainsi davantage l\u2019offre d\u00e9j\u00e0 solide de l\u2019entreprise.<\/span><span data-ccp-props=\"{}\">\u00a0<\/span><\/p>\n<p><span data-contrast=\"auto\">Il est titulaire d\u2019un baccalaur\u00e9at en science politique de l\u2019Universit\u00e9 Concordia. Observateur curieux du comportement humain et de la soci\u00e9t\u00e9, il est anim\u00e9 par le d\u00e9sir de comprendre comment les gens pensent, convaincu que cela permet d\u2019approfondir notre compr\u00e9hension du monde qui nous entoure.<\/span><span data-ccp-props=\"{}\">\u00a0<\/span><\/p>\n<p><span data-ccp-props=\"{}\"><\/span><\/p>\n<p>[\/et_pb_text][\/et_pb_column][\/et_pb_row][et_pb_row _builder_version=\u00a0\u00bb4.23.1&Prime; _module_preset=\u00a0\u00bbdefault\u00a0\u00bb global_colors_info=\u00a0\u00bb{}\u00a0\u00bb theme_builder_area=\u00a0\u00bbpost_content\u00a0\u00bb][et_pb_column type=\u00a0\u00bb4_4&Prime; _builder_version=\u00a0\u00bb4.23.1&Prime; _module_preset=\u00a0\u00bbdefault\u00a0\u00bb global_colors_info=\u00a0\u00bb{}\u00a0\u00bb theme_builder_area=\u00a0\u00bbpost_content\u00a0\u00bb][et_pb_button button_url=\u00a0\u00bb@ET-DC@eyJkeW5hbWljIjp0cnVlLCJjb250ZW50IjoicG9zdF9saW5rX3VybF9wYWdlIiwic2V0dGluZ3MiOnsicG9zdF9pZCI6IjE4OTUwIn19@\u00a0\u00bb button_text=\u00a0\u00bbRetourner\u00a0\u00bb button_alignment=\u00a0\u00bbcenter\u00a0\u00bb _builder_version=\u00a0\u00bb4.24.3&Prime; _dynamic_attributes=\u00a0\u00bbbutton_url\u00a0\u00bb _module_preset=\u00a0\u00bb23e0c1f6-a6f5-4637-87d8-5c62b045dcaf\u00a0\u00bb button_icon=\u00a0\u00bb&#x23;||divi||400&Prime; button_icon_placement=\u00a0\u00bbleft\u00a0\u00bb locked=\u00a0\u00bboff\u00a0\u00bb global_colors_info=\u00a0\u00bb{}\u00a0\u00bb button_custom_margin_tablet=\u00a0\u00bb0px||||false|false\u00a0\u00bb button_custom_margin_phone=\u00a0\u00bb0px||||false|false\u00a0\u00bb button_custom_margin_last_edited=\u00a0\u00bbon|desktop\u00a0\u00bb button_bg_enable_color__hover=\u00a0\u00bbon\u00a0\u00bb theme_builder_area=\u00a0\u00bbpost_content\u00a0\u00bb][\/et_pb_button][\/et_pb_column][\/et_pb_row][\/et_pb_section]<\/p>\n","protected":false},"excerpt":{"rendered":"<p>Kyle McGeeVice-pr\u00e9sident, analytique et statistiquesKyle a d\u00e9but\u00e9 sa carri\u00e8re chez Leger en 2008 comme intervieweur au centre d\u2019appels. Il est aujourd\u2019hui vice-pr\u00e9sident, analytique et statistiques, et dirige une \u00e9quipe en pleine croissance compos\u00e9e de professionnel\u00b7le\u00b7s d\u00e9vou\u00e9\u00b7e\u00b7s \u00e0 la production de livrables de grande qualit\u00e9, \u00e0 forte valeur ajout\u00e9e.\u00a0 Depuis qu\u2019il a acc\u00e9d\u00e9 \u00e0 un poste de direction en 2018, Kyle a jou\u00e9 un r\u00f4le cl\u00e9 dans l\u2019expansion de l\u2019\u00e9quipe, la restructuration des op\u00e9rations et l\u2019instauration d\u2019une culture ax\u00e9e sur la collaboration, la pens\u00e9e strat\u00e9gique et la rigueur m\u00e9thodologique.\u00a0 \u00c0 travers des p\u00e9riodes de forte croissance et de transition, il d\u00e9fend l\u2019int\u00e9grit\u00e9 des donn\u00e9es, dirige la mise en \u0153uvre de m\u00e9thodologies novatrices et assure la continuit\u00e9 op\u00e9rationnelle.\u00a0 Kyle dirige l\u2019\u00e9quipe Analytique, avec la volont\u00e9 d\u2019offrir une perspective plus exploratoire et consultative aux mandats de recherche, enrichissant ainsi davantage l\u2019offre d\u00e9j\u00e0 solide de l\u2019entreprise.\u00a0 Il est titulaire d\u2019un baccalaur\u00e9at en science politique de l\u2019Universit\u00e9 Concordia. Observateur curieux du comportement humain et de la soci\u00e9t\u00e9, il est anim\u00e9 par le d\u00e9sir de comprendre comment les gens pensent, convaincu que cela permet d\u2019approfondir notre compr\u00e9hension du monde qui nous entoure.\u00a0<\/p>\n","protected":false},"author":15,"featured_media":0,"parent":0,"menu_order":0,"comment_status":"closed","ping_status":"closed","template":"","meta":{"_acf_changed":false,"_et_pb_use_builder":"on","_et_pb_old_content":"","_et_gb_content_width":"","content-type":"","inline_featured_image":false,"footnotes":""},"class_list":["post-25041","page","type-page","status-publish","hentry"],"acf":[],"yoast_head":"<!-- This site is optimized with the Yoast SEO Premium plugin v27.5 (Yoast SEO v27.5) - https:\/\/yoast.com\/product\/yoast-seo-premium-wordpress\/ -->\n<title>Kyle McGee - Leger<\/title>\n<meta name=\"description\" content=\"Kyle a d\u00e9but\u00e9 sa carri\u00e8re chez Leger en 2008 comme intervieweur au centre d\u2019appels. Il est aujourd\u2019hui vice-pr\u00e9sident, analytique et statistiques, et dirige une \u00e9quipe en pleine croissance compos\u00e9e de professionnel\u00b7le\u00b7s d\u00e9vou\u00e9\u00b7e\u00b7s \u00e0 la production de livrables de grande qualit\u00e9, \u00e0 forte valeur ajout\u00e9e.\" \/>\n<meta name=\"robots\" content=\"index, follow, max-snippet:-1, max-image-preview:large, max-video-preview:-1\" \/>\n<link rel=\"canonical\" href=\"https:\/\/leger360.com\/fr\/kyle-mcgee\/\" \/>\n<meta property=\"og:locale\" content=\"fr_CA\" \/>\n<meta property=\"og:type\" content=\"article\" \/>\n<meta property=\"og:title\" content=\"Kyle McGee\" \/>\n<meta property=\"og:description\" content=\"Kyle a d\u00e9but\u00e9 sa carri\u00e8re chez Leger en 2008 comme intervieweur au centre d\u2019appels. Il est aujourd\u2019hui vice-pr\u00e9sident, analytique et statistiques, et dirige une \u00e9quipe en pleine croissance compos\u00e9e de professionnel\u00b7le\u00b7s d\u00e9vou\u00e9\u00b7e\u00b7s \u00e0 la production de livrables de grande qualit\u00e9, \u00e0 forte valeur ajout\u00e9e.\" \/>\n<meta property=\"og:url\" content=\"https:\/\/leger360.com\/fr\/kyle-mcgee\/\" \/>\n<meta property=\"og:site_name\" content=\"Leger\" \/>\n<meta property=\"article:publisher\" content=\"https:\/\/www.facebook.com\/leger360\/\" \/>\n<meta property=\"article:modified_time\" content=\"2025-07-30T15:33:15+00:00\" \/>\n<meta property=\"og:image\" content=\"https:\/\/leger360.com\/wp-content\/uploads\/2024\/04\/leger-feature-img-home.png\" \/>\n\t<meta property=\"og:image:width\" content=\"1354\" \/>\n\t<meta property=\"og:image:height\" content=\"872\" \/>\n\t<meta property=\"og:image:type\" content=\"image\/png\" \/>\n<meta name=\"twitter:card\" content=\"summary_large_image\" \/>\n<meta name=\"twitter:site\" content=\"@leger360\" \/>\n<script type=\"application\/ld+json\" class=\"yoast-schema-graph\">{\"@context\":\"https:\\\/\\\/schema.org\",\"@graph\":[{\"@type\":\"WebPage\",\"@id\":\"https:\\\/\\\/leger360.com\\\/fr\\\/kyle-mcgee\\\/\",\"url\":\"https:\\\/\\\/leger360.com\\\/fr\\\/kyle-mcgee\\\/\",\"name\":\"Kyle McGee - Leger\",\"isPartOf\":{\"@id\":\"https:\\\/\\\/leger360.com\\\/fr\\\/#website\"},\"datePublished\":\"2025-07-30T15:30:53+00:00\",\"dateModified\":\"2025-07-30T15:33:15+00:00\",\"description\":\"Kyle a d\u00e9but\u00e9 sa carri\u00e8re chez Leger en 2008 comme intervieweur au centre d\u2019appels. Il est aujourd\u2019hui vice-pr\u00e9sident, analytique et statistiques, et dirige une \u00e9quipe en pleine croissance compos\u00e9e de professionnel\u00b7le\u00b7s d\u00e9vou\u00e9\u00b7e\u00b7s \u00e0 la production de livrables de grande qualit\u00e9, \u00e0 forte valeur ajout\u00e9e.\",\"breadcrumb\":{\"@id\":\"https:\\\/\\\/leger360.com\\\/fr\\\/kyle-mcgee\\\/#breadcrumb\"},\"inLanguage\":\"fr-CA\",\"potentialAction\":[{\"@type\":\"ReadAction\",\"target\":[\"https:\\\/\\\/leger360.com\\\/fr\\\/kyle-mcgee\\\/\"]}]},{\"@type\":\"BreadcrumbList\",\"@id\":\"https:\\\/\\\/leger360.com\\\/fr\\\/kyle-mcgee\\\/#breadcrumb\",\"itemListElement\":[{\"@type\":\"ListItem\",\"position\":1,\"name\":\"Home\",\"item\":\"https:\\\/\\\/leger360.com\\\/fr\\\/\"},{\"@type\":\"ListItem\",\"position\":2,\"name\":\"Kyle McGee\"}]},{\"@type\":\"WebSite\",\"@id\":\"https:\\\/\\\/leger360.com\\\/fr\\\/#website\",\"url\":\"https:\\\/\\\/leger360.com\\\/fr\\\/\",\"name\":\"Leger\",\"description\":\"Market Research | Data Analytics\",\"publisher\":{\"@id\":\"https:\\\/\\\/leger360.com\\\/fr\\\/#organization\"},\"potentialAction\":[{\"@type\":\"SearchAction\",\"target\":{\"@type\":\"EntryPoint\",\"urlTemplate\":\"https:\\\/\\\/leger360.com\\\/fr\\\/?s={search_term_string}\"},\"query-input\":{\"@type\":\"PropertyValueSpecification\",\"valueRequired\":true,\"valueName\":\"search_term_string\"}}],\"inLanguage\":\"fr-CA\"},{\"@type\":\"Organization\",\"@id\":\"https:\\\/\\\/leger360.com\\\/fr\\\/#organization\",\"name\":\"Leger\",\"url\":\"https:\\\/\\\/leger360.com\\\/fr\\\/\",\"logo\":{\"@type\":\"ImageObject\",\"inLanguage\":\"fr-CA\",\"@id\":\"https:\\\/\\\/leger360.com\\\/fr\\\/#\\\/schema\\\/logo\\\/image\\\/\",\"url\":\"https:\\\/\\\/leger360.com\\\/wp-content\\\/uploads\\\/2024\\\/04\\\/2022-Logo-Leger-Blackred-g.png\",\"contentUrl\":\"https:\\\/\\\/leger360.com\\\/wp-content\\\/uploads\\\/2024\\\/04\\\/2022-Logo-Leger-Blackred-g.png\",\"width\":1195,\"height\":686,\"caption\":\"Leger\"},\"image\":{\"@id\":\"https:\\\/\\\/leger360.com\\\/fr\\\/#\\\/schema\\\/logo\\\/image\\\/\"},\"sameAs\":[\"https:\\\/\\\/www.facebook.com\\\/leger360\\\/\",\"https:\\\/\\\/x.com\\\/leger360\",\"https:\\\/\\\/www.linkedin.com\\\/company\\\/leger360\\\/\"],\"description\":\"Leger is one of North America\u2019s fastest-growing market research companies, known for our forward-thinking experts and innovative approaches powered by artificial intelligence (AI) technologies.\"}]}<\/script>\n<!-- \/ Yoast SEO Premium plugin. -->","yoast_head_json":{"title":"Kyle McGee - Leger","description":"Kyle a d\u00e9but\u00e9 sa carri\u00e8re chez Leger en 2008 comme intervieweur au centre d\u2019appels. Il est aujourd\u2019hui vice-pr\u00e9sident, analytique et statistiques, et dirige une \u00e9quipe en pleine croissance compos\u00e9e de professionnel\u00b7le\u00b7s d\u00e9vou\u00e9\u00b7e\u00b7s \u00e0 la production de livrables de grande qualit\u00e9, \u00e0 forte valeur ajout\u00e9e.","robots":{"index":"index","follow":"follow","max-snippet":"max-snippet:-1","max-image-preview":"max-image-preview:large","max-video-preview":"max-video-preview:-1"},"canonical":"https:\/\/leger360.com\/fr\/kyle-mcgee\/","og_locale":"fr_CA","og_type":"article","og_title":"Kyle McGee","og_description":"Kyle a d\u00e9but\u00e9 sa carri\u00e8re chez Leger en 2008 comme intervieweur au centre d\u2019appels. Il est aujourd\u2019hui vice-pr\u00e9sident, analytique et statistiques, et dirige une \u00e9quipe en pleine croissance compos\u00e9e de professionnel\u00b7le\u00b7s d\u00e9vou\u00e9\u00b7e\u00b7s \u00e0 la production de livrables de grande qualit\u00e9, \u00e0 forte valeur ajout\u00e9e.","og_url":"https:\/\/leger360.com\/fr\/kyle-mcgee\/","og_site_name":"Leger","article_publisher":"https:\/\/www.facebook.com\/leger360\/","article_modified_time":"2025-07-30T15:33:15+00:00","og_image":[{"width":1354,"height":872,"url":"https:\/\/leger360.com\/wp-content\/uploads\/2024\/04\/leger-feature-img-home.png","type":"image\/png"}],"twitter_card":"summary_large_image","twitter_site":"@leger360","schema":{"@context":"https:\/\/schema.org","@graph":[{"@type":"WebPage","@id":"https:\/\/leger360.com\/fr\/kyle-mcgee\/","url":"https:\/\/leger360.com\/fr\/kyle-mcgee\/","name":"Kyle McGee - Leger","isPartOf":{"@id":"https:\/\/leger360.com\/fr\/#website"},"datePublished":"2025-07-30T15:30:53+00:00","dateModified":"2025-07-30T15:33:15+00:00","description":"Kyle a d\u00e9but\u00e9 sa carri\u00e8re chez Leger en 2008 comme intervieweur au centre d\u2019appels. Il est aujourd\u2019hui vice-pr\u00e9sident, analytique et statistiques, et dirige une \u00e9quipe en pleine croissance compos\u00e9e de professionnel\u00b7le\u00b7s d\u00e9vou\u00e9\u00b7e\u00b7s \u00e0 la production de livrables de grande qualit\u00e9, \u00e0 forte valeur ajout\u00e9e.","breadcrumb":{"@id":"https:\/\/leger360.com\/fr\/kyle-mcgee\/#breadcrumb"},"inLanguage":"fr-CA","potentialAction":[{"@type":"ReadAction","target":["https:\/\/leger360.com\/fr\/kyle-mcgee\/"]}]},{"@type":"BreadcrumbList","@id":"https:\/\/leger360.com\/fr\/kyle-mcgee\/#breadcrumb","itemListElement":[{"@type":"ListItem","position":1,"name":"Home","item":"https:\/\/leger360.com\/fr\/"},{"@type":"ListItem","position":2,"name":"Kyle McGee"}]},{"@type":"WebSite","@id":"https:\/\/leger360.com\/fr\/#website","url":"https:\/\/leger360.com\/fr\/","name":"Leger","description":"Market Research | Data Analytics","publisher":{"@id":"https:\/\/leger360.com\/fr\/#organization"},"potentialAction":[{"@type":"SearchAction","target":{"@type":"EntryPoint","urlTemplate":"https:\/\/leger360.com\/fr\/?s={search_term_string}"},"query-input":{"@type":"PropertyValueSpecification","valueRequired":true,"valueName":"search_term_string"}}],"inLanguage":"fr-CA"},{"@type":"Organization","@id":"https:\/\/leger360.com\/fr\/#organization","name":"Leger","url":"https:\/\/leger360.com\/fr\/","logo":{"@type":"ImageObject","inLanguage":"fr-CA","@id":"https:\/\/leger360.com\/fr\/#\/schema\/logo\/image\/","url":"https:\/\/leger360.com\/wp-content\/uploads\/2024\/04\/2022-Logo-Leger-Blackred-g.png","contentUrl":"https:\/\/leger360.com\/wp-content\/uploads\/2024\/04\/2022-Logo-Leger-Blackred-g.png","width":1195,"height":686,"caption":"Leger"},"image":{"@id":"https:\/\/leger360.com\/fr\/#\/schema\/logo\/image\/"},"sameAs":["https:\/\/www.facebook.com\/leger360\/","https:\/\/x.com\/leger360","https:\/\/www.linkedin.com\/company\/leger360\/"],"description":"Leger is one of North America\u2019s fastest-growing market research companies, known for our forward-thinking experts and innovative approaches powered by artificial intelligence (AI) technologies."}]}},"_links":{"self":[{"href":"https:\/\/leger360.com\/fr\/wp-json\/wp\/v2\/pages\/25041","targetHints":{"allow":["GET"]}}],"collection":[{"href":"https:\/\/leger360.com\/fr\/wp-json\/wp\/v2\/pages"}],"about":[{"href":"https:\/\/leger360.com\/fr\/wp-json\/wp\/v2\/types\/page"}],"author":[{"embeddable":true,"href":"https:\/\/leger360.com\/fr\/wp-json\/wp\/v2\/users\/15"}],"replies":[{"embeddable":true,"href":"https:\/\/leger360.com\/fr\/wp-json\/wp\/v2\/comments?post=25041"}],"version-history":[{"count":0,"href":"https:\/\/leger360.com\/fr\/wp-json\/wp\/v2\/pages\/25041\/revisions"}],"wp:attachment":[{"href":"https:\/\/leger360.com\/fr\/wp-json\/wp\/v2\/media?parent=25041"}],"curies":[{"name":"wp","href":"https:\/\/api.w.org\/{rel}","templated":true}]}}